{"id":1913,"date":"2023-11-28T18:04:42","date_gmt":"2023-11-28T17:04:42","guid":{"rendered":"https:\/\/sudclim.fr\/?page_id=1913"},"modified":"2025-07-24T09:39:24","modified_gmt":"2025-07-24T07:39:24","slug":"chauffe-eau-thermodynamique","status":"publish","type":"page","link":"https:\/\/sudclim.fr\/chauffe-eau-thermodynamique\/","title":{"rendered":"Chauffe-eau thermodynamique"},"content":{"rendered":"\t\t<div data-elementor-type=\"wp-page\" data-elementor-id=\"1913\" class=\"elementor elementor-1913\" data-elementor-settings=\"{&quot;ha_cmc_init_switcher&quot;:&quot;no&quot;}\" data-elementor-post-type=\"page\">\n\t\t\t\t\t\t<section class=\"elementor-section elementor-top-section elementor-element elementor-element-97e332f elementor-section-content-bottom elementor-section-boxed elementor-section-height-default elementor-section-height-default wpr-particle-no wpr-jarallax-no wpr-parallax-no wpr-sticky-section-no\" data-id=\"97e332f\" data-element_type=\"section\" data-settings=\"{&quot;background_background&quot;:&quot;classic&quot;,&quot;_ha_eqh_enable&quot;:false}\">\n\t\t\t\t\t\t\t<div class=\"elementor-background-overlay\"><\/div>\n\t\t\t\t\t\t\t<div class=\"elementor-container elementor-column-gap-default\">\n\t\t\t\t\t<div class=\"elementor-column elementor-col-100 elementor-top-column elementor-element elementor-element-6fa299bd\" data-id=\"6fa299bd\" data-element_type=\"column\">\n\t\t\t<div class=\"elementor-widget-wrap elementor-element-populated\">\n\t\t\t\t\t\t<div class=\"elementor-element elementor-element-638f7909 elementor-view-default elementor-widget elementor-widget-icon\" data-id=\"638f7909\" data-element_type=\"widget\" data-widget_type=\"icon.default\">\n\t\t\t\t<div class=\"elementor-widget-container\">\n\t\t\t\t\t\t\t<div class=\"elementor-icon-wrapper\">\n\t\t\t<div class=\"elementor-icon\">\n\t\t\t<i aria-hidden=\"true\" class=\"fas fa-laptop-house\"><\/i>\t\t\t<\/div>\n\t\t<\/div>\n\t\t\t\t\t\t<\/div>\n\t\t\t\t<\/div>\n\t\t\t\t<div class=\"elementor-element elementor-element-31fb97b2 elementor-widget elementor-widget-heading\" data-id=\"31fb97b2\" data-element_type=\"widget\" data-widget_type=\"heading.default\">\n\t\t\t\t<div class=\"elementor-widget-container\">\n\t\t\t\t\t<h1 class=\"elementor-heading-title elementor-size-default\">Une installation professionnelle de votre chauffe-eau thermodynamique \u00e0 Dax<\/h1>\t\t\t\t<\/div>\n\t\t\t\t<\/div>\n\t\t\t\t<div class=\"elementor-element elementor-element-40fdb2f3 elementor-widget-divider--view-line elementor-widget elementor-widget-divider\" data-id=\"40fdb2f3\" data-element_type=\"widget\" data-widget_type=\"divider.default\">\n\t\t\t\t<div class=\"elementor-widget-container\">\n\t\t\t\t\t\t\t<div class=\"elementor-divider\">\n\t\t\t<span class=\"elementor-divider-separator\">\n\t\t\t\t\t\t<\/span>\n\t\t<\/div>\n\t\t\t\t\t\t<\/div>\n\t\t\t\t<\/div>\n\t\t\t\t<div class=\"elementor-element elementor-element-30017a0e elementor-widget elementor-widget-text-editor\" data-id=\"30017a0e\" data-element_type=\"widget\" data-widget_type=\"text-editor.default\">\n\t\t\t\t<div class=\"elementor-widget-container\">\n\t\t\t\t\t\t\t\t\t<p>Nous sommes d\u00e9di\u00e9s \u00e0 vous offrir des solutions innovantes et durables pour r\u00e9pondre \u00e0 vos besoins en eau chaude sanitaire. En tant qu&rsquo;experts dans le domaine de la pose, de l&rsquo;installation et de la maintenance de chauffe-eaux thermodynamiques, nous vous accompagnons pour assurer un approvisionnement constant en eau chaude, tout en respectant l&rsquo;environnement.<\/p><p>Les chauffe-eaux thermodynamiques sont des syst\u00e8mes intelligents exploitant les \u00e9nergies renouvelables pour chauffer l&rsquo;eau. Notre expertise technique nous permet de vous proposer des solutions sur mesure, adapt\u00e9es \u00e0 votre espace et \u00e0 vos besoins sp\u00e9cifiques en eau chaude. Nous comprenons l&rsquo;importance d&rsquo;une source d&rsquo;eau chaude fiable et \u00e9conomique, c&rsquo;est pourquoi nous vous offrons des conseils personnalis\u00e9s pour vous aider \u00e0 choisir le syst\u00e8me de <b>chauffe-eau thermodynamique \u00e0 Saint-Paul-l\u00e8s-Dax <\/b>le mieux adapt\u00e9 \u00e0 votre situation.<\/p>\t\t\t\t\t\t\t\t<\/div>\n\t\t\t\t<\/div>\n\t\t\t\t\t<\/div>\n\t\t<\/div>\n\t\t\t\t\t<\/div>\n\t\t<\/section>\n\t\t\t\t<section class=\"elementor-section elementor-top-section elementor-element elementor-element-132dca6d elementor-section-boxed elementor-section-height-default elementor-section-height-default wpr-particle-no wpr-jarallax-no wpr-parallax-no wpr-sticky-section-no\" data-id=\"132dca6d\" data-element_type=\"section\" id=\"sec1\" data-settings=\"{&quot;_ha_eqh_enable&quot;:false}\">\n\t\t\t\t\t\t<div class=\"elementor-container elementor-column-gap-wide\">\n\t\t\t\t\t<div class=\"elementor-column elementor-col-33 elementor-top-column elementor-element elementor-element-29f423ed\" data-id=\"29f423ed\" data-element_type=\"column\">\n\t\t\t<div class=\"elementor-widget-wrap elementor-element-populated\">\n\t\t\t\t\t\t<section class=\"elementor-section elementor-inner-section elementor-element elementor-element-6b5b81c4 elementor-section-boxed elementor-section-height-default elementor-section-height-default wpr-particle-no wpr-jarallax-no wpr-parallax-no wpr-sticky-section-no elementor-invisible\" data-id=\"6b5b81c4\" data-element_type=\"section\" data-settings=\"{&quot;background_background&quot;:&quot;classic&quot;,&quot;animation&quot;:&quot;slideInUp&quot;,&quot;_ha_eqh_enable&quot;:false}\">\n\t\t\t\t\t\t<div class=\"elementor-container elementor-column-gap-default\">\n\t\t\t\t\t<div class=\"elementor-column elementor-col-100 elementor-inner-column elementor-element elementor-element-767026ca\" data-id=\"767026ca\" data-element_type=\"column\">\n\t\t\t<div class=\"elementor-widget-wrap elementor-element-populated\">\n\t\t\t\t\t\t<div class=\"elementor-element elementor-element-11ffc6fa elementor-widget elementor-widget-image\" data-id=\"11ffc6fa\" data-element_type=\"widget\" data-widget_type=\"image.default\">\n\t\t\t\t<div class=\"elementor-widget-container\">\n\t\t\t\t\t\t\t\t\t\t\t\t\t\t\t<img fetchpriority=\"high\" decoding=\"async\" width=\"1200\" height=\"800\" src=\"https:\/\/sudclim.fr\/wp-content\/uploads\/2023\/12\/mm.jpg\" class=\"attachment-full size-full wp-image-2405\" alt=\"\" srcset=\"https:\/\/sudclim.fr\/wp-content\/uploads\/2023\/12\/mm.jpg 1200w, https:\/\/sudclim.fr\/wp-content\/uploads\/2023\/12\/mm-300x200.jpg 300w, https:\/\/sudclim.fr\/wp-content\/uploads\/2023\/12\/mm-1024x683.jpg 1024w, https:\/\/sudclim.fr\/wp-content\/uploads\/2023\/12\/mm-768x512.jpg 768w, https:\/\/sudclim.fr\/wp-content\/uploads\/2023\/12\/mm-360x240.jpg 360w\" sizes=\"(max-width: 1200px) 100vw, 1200px\" \/>\t\t\t\t\t\t\t\t\t\t\t\t\t\t\t<\/div>\n\t\t\t\t<\/div>\n\t\t\t\t<div class=\"elementor-element elementor-element-2e415f75 elementor-view-default elementor-position-top elementor-mobile-position-top elementor-widget elementor-widget-icon-box\" data-id=\"2e415f75\" data-element_type=\"widget\" data-widget_type=\"icon-box.default\">\n\t\t\t\t<div class=\"elementor-widget-container\">\n\t\t\t\t\t\t\t<div class=\"elementor-icon-box-wrapper\">\n\n\t\t\t\t\t\t<div class=\"elementor-icon-box-icon\">\n\t\t\t\t<span  class=\"elementor-icon\">\n\t\t\t\t<i aria-hidden=\"true\" class=\"fas fa-home\"><\/i>\t\t\t\t<\/span>\n\t\t\t<\/div>\n\t\t\t\n\t\t\t\t\t\t<div class=\"elementor-icon-box-content\">\n\n\t\t\t\t\t\t\t\t\t<h3 class=\"elementor-icon-box-title\">\n\t\t\t\t\t\t<span  >\n\t\t\t\t\t\t\tDes \u00e9quipements de haute qualit\u00e9\t\t\t\t\t\t<\/span>\n\t\t\t\t\t<\/h3>\n\t\t\t\t\n\t\t\t\t\t\t\t\t\t<p class=\"elementor-icon-box-description\">\n\t\t\t\t\t\tNotre processus d'installation de chauffe-eau thermodynamique \u00e0 Soustons commence par une analyse approfondie de vos besoins et de la configuration de votre espace. Nous concevons ensuite une solution sur mesure en tenant compte de vos pr\u00e9f\u00e9rences et des exigences techniques.<br>Nos \u00e9quipes qualifi\u00e9es assurent une installation professionnelle et m\u00e9ticuleuse, utilisant des \u00e9quipements de qualit\u00e9 et respectant les normes les plus strictes pour garantir la performance et la durabilit\u00e9 de votre syst\u00e8me de chauffe-eau thermodynamique. Vous pouvez compter sur nos <a href=\"\/accueil\">installateurs de climatisation \u00e0 Dax<\/a> pour b\u00e9n\u00e9ficier d\u2019un service de haute qualit\u00e9.\t\t\t\t\t<\/p>\n\t\t\t\t\n\t\t\t<\/div>\n\t\t\t\n\t\t<\/div>\n\t\t\t\t\t\t<\/div>\n\t\t\t\t<\/div>\n\t\t\t\t<div class=\"elementor-element elementor-element-7302e33d wpr-button-icon-style-inline wpr-button-icon-position-right elementor-widget elementor-widget-wpr-button\" data-id=\"7302e33d\" data-element_type=\"widget\" data-widget_type=\"wpr-button.default\">\n\t\t\t\t<div class=\"elementor-widget-container\">\n\t\t\t\t\t\t\n\t\t\t\n\t\t\n\t\t<div class=\"wpr-button-wrap elementor-clearfix\">\n\t\t<a class=\"wpr-button wpr-button-effect wpr-button-none\" data-text=\"\" href=\"\/accueil#contact\">\n\t\t\t\n\t\t\t<span class=\"wpr-button-content\">\n\t\t\t\t\t\t\t\t\t<span class=\"wpr-button-text\">Contactez-nous<\/span>\n\t\t\t\t\t\t\t\t\n\t\t\t\t\t\t\t<\/span>\n\t\t<\/a>\n\n\t\t\t\t<\/div>\n\t\n\t\n\t\t\t\t\t<\/div>\n\t\t\t\t<\/div>\n\t\t\t\t\t<\/div>\n\t\t<\/div>\n\t\t\t\t\t<\/div>\n\t\t<\/section>\n\t\t\t\t\t<\/div>\n\t\t<\/div>\n\t\t\t\t<div class=\"elementor-column elementor-col-33 elementor-top-column elementor-element elementor-element-449e0ca8\" data-id=\"449e0ca8\" data-element_type=\"column\">\n\t\t\t<div class=\"elementor-widget-wrap elementor-element-populated\">\n\t\t\t\t\t\t<section class=\"elementor-section elementor-inner-section elementor-element elementor-element-2fe968cb elementor-section-boxed elementor-section-height-default elementor-section-height-default wpr-particle-no wpr-jarallax-no wpr-parallax-no wpr-sticky-section-no elementor-invisible\" data-id=\"2fe968cb\" data-element_type=\"section\" data-settings=\"{&quot;background_background&quot;:&quot;classic&quot;,&quot;animation&quot;:&quot;slideInUp&quot;,&quot;animation_delay&quot;:100,&quot;_ha_eqh_enable&quot;:false}\">\n\t\t\t\t\t\t<div class=\"elementor-container elementor-column-gap-default\">\n\t\t\t\t\t<div class=\"elementor-column elementor-col-100 elementor-inner-column elementor-element elementor-element-5a07c173\" data-id=\"5a07c173\" data-element_type=\"column\">\n\t\t\t<div class=\"elementor-widget-wrap elementor-element-populated\">\n\t\t\t\t\t\t<div class=\"elementor-element elementor-element-2264dd06 elementor-widget elementor-widget-image\" data-id=\"2264dd06\" data-element_type=\"widget\" data-widget_type=\"image.default\">\n\t\t\t\t<div class=\"elementor-widget-container\">\n\t\t\t\t\t\t\t\t\t\t\t\t\t\t\t<img decoding=\"async\" width=\"1200\" height=\"800\" src=\"https:\/\/sudclim.fr\/wp-content\/uploads\/2023\/11\/climatisation-Saint-Paul-les-Dax-03.webp\" class=\"attachment-full size-full wp-image-1960\" alt=\"\" srcset=\"https:\/\/sudclim.fr\/wp-content\/uploads\/2023\/11\/climatisation-Saint-Paul-les-Dax-03.webp 1200w, https:\/\/sudclim.fr\/wp-content\/uploads\/2023\/11\/climatisation-Saint-Paul-les-Dax-03-300x200.webp 300w, https:\/\/sudclim.fr\/wp-content\/uploads\/2023\/11\/climatisation-Saint-Paul-les-Dax-03-1024x683.webp 1024w, https:\/\/sudclim.fr\/wp-content\/uploads\/2023\/11\/climatisation-Saint-Paul-les-Dax-03-768x512.webp 768w, https:\/\/sudclim.fr\/wp-content\/uploads\/2023\/11\/climatisation-Saint-Paul-les-Dax-03-360x240.webp 360w\" sizes=\"(max-width: 1200px) 100vw, 1200px\" \/>\t\t\t\t\t\t\t\t\t\t\t\t\t\t\t<\/div>\n\t\t\t\t<\/div>\n\t\t\t\t<div class=\"elementor-element elementor-element-1c3fed01 elementor-view-default elementor-position-top elementor-mobile-position-top elementor-widget elementor-widget-icon-box\" data-id=\"1c3fed01\" data-element_type=\"widget\" data-widget_type=\"icon-box.default\">\n\t\t\t\t<div class=\"elementor-widget-container\">\n\t\t\t\t\t\t\t<div class=\"elementor-icon-box-wrapper\">\n\n\t\t\t\t\t\t<div class=\"elementor-icon-box-icon\">\n\t\t\t\t<span  class=\"elementor-icon\">\n\t\t\t\t<i aria-hidden=\"true\" class=\"hm hm-water-drop\"><\/i>\t\t\t\t<\/span>\n\t\t\t<\/div>\n\t\t\t\n\t\t\t\t\t\t<div class=\"elementor-icon-box-content\">\n\n\t\t\t\t\t\t\t\t\t<h3 class=\"elementor-icon-box-title\">\n\t\t\t\t\t\t<span  >\n\t\t\t\t\t\t\tUn service de maintenance performant\t\t\t\t\t\t<\/span>\n\t\t\t\t\t<\/h3>\n\t\t\t\t\n\t\t\t\t\t\t\t\t\t<p class=\"elementor-icon-box-description\">\n\t\t\t\t\t\tNous comprenons que la maintenance r\u00e9guli\u00e8re est essentielle pour assurer un fonctionnement optimal de votre chauffe-eau thermodynamique. C'est pourquoi nous proposons des contrats de maintenance personnalis\u00e9s incluant des visites p\u00e9riodiques pour v\u00e9rifier, entretenir et optimiser les performances de votre syst\u00e8me. Notre objectif est de prolonger la dur\u00e9e de vie de votre \u00e9quipement tout en garantissant un approvisionnement constant en eau chaude.<br><br>En cas de besoin de r\u00e9paration ou de d\u00e9pannage de votre <b>cumulus thermodynamique \u00e0 Tartas<\/b>, notre \u00e9quipe r\u00e9active est \u00e0 votre disposition pour intervenir rapidement et efficacement. Nous sommes l\u00e0 pour r\u00e9soudre tout probl\u00e8me technique et assurer la continuit\u00e9 de votre confort thermique.\t\t\t\t\t<\/p>\n\t\t\t\t\n\t\t\t<\/div>\n\t\t\t\n\t\t<\/div>\n\t\t\t\t\t\t<\/div>\n\t\t\t\t<\/div>\n\t\t\t\t<div class=\"elementor-element elementor-element-384d8c0e wpr-button-icon-style-inline wpr-button-icon-position-right elementor-widget elementor-widget-wpr-button\" data-id=\"384d8c0e\" data-element_type=\"widget\" data-widget_type=\"wpr-button.default\">\n\t\t\t\t<div class=\"elementor-widget-container\">\n\t\t\t\t\t\t\n\t\t\t\n\t\t\n\t\t<div class=\"wpr-button-wrap elementor-clearfix\">\n\t\t<a class=\"wpr-button wpr-button-effect wpr-button-none\" data-text=\"\" href=\"\/accueil#contact\">\n\t\t\t\n\t\t\t<span class=\"wpr-button-content\">\n\t\t\t\t\t\t\t\t\t<span class=\"wpr-button-text\">Contactez-nous<\/span>\n\t\t\t\t\t\t\t\t\n\t\t\t\t\t\t\t<\/span>\n\t\t<\/a>\n\n\t\t\t\t<\/div>\n\t\n\t\n\t\t\t\t\t<\/div>\n\t\t\t\t<\/div>\n\t\t\t\t\t<\/div>\n\t\t<\/div>\n\t\t\t\t\t<\/div>\n\t\t<\/section>\n\t\t\t\t\t<\/div>\n\t\t<\/div>\n\t\t\t\t<div class=\"elementor-column elementor-col-33 elementor-top-column elementor-element elementor-element-55d99c67\" data-id=\"55d99c67\" data-element_type=\"column\">\n\t\t\t<div class=\"elementor-widget-wrap elementor-element-populated\">\n\t\t\t\t\t\t<section class=\"elementor-section elementor-inner-section elementor-element elementor-element-61b1e624 elementor-section-boxed elementor-section-height-default elementor-section-height-default wpr-particle-no wpr-jarallax-no wpr-parallax-no wpr-sticky-section-no elementor-invisible\" data-id=\"61b1e624\" data-element_type=\"section\" data-settings=\"{&quot;background_background&quot;:&quot;classic&quot;,&quot;animation&quot;:&quot;slideInUp&quot;,&quot;animation_delay&quot;:100,&quot;_ha_eqh_enable&quot;:false}\">\n\t\t\t\t\t\t<div class=\"elementor-container elementor-column-gap-default\">\n\t\t\t\t\t<div class=\"elementor-column elementor-col-100 elementor-inner-column elementor-element elementor-element-2fb327f6\" data-id=\"2fb327f6\" data-element_type=\"column\">\n\t\t\t<div class=\"elementor-widget-wrap elementor-element-populated\">\n\t\t\t\t\t\t<div class=\"elementor-element elementor-element-66216ebd elementor-widget elementor-widget-image\" data-id=\"66216ebd\" data-element_type=\"widget\" data-widget_type=\"image.default\">\n\t\t\t\t<div class=\"elementor-widget-container\">\n\t\t\t\t\t\t\t\t\t\t\t\t\t\t\t<img decoding=\"async\" width=\"1200\" height=\"800\" src=\"https:\/\/sudclim.fr\/wp-content\/uploads\/2023\/11\/climatisation-Saint-Paul-les-Dax-13.jpg\" class=\"attachment-full size-full wp-image-2267\" alt=\"\" srcset=\"https:\/\/sudclim.fr\/wp-content\/uploads\/2023\/11\/climatisation-Saint-Paul-les-Dax-13.jpg 1200w, https:\/\/sudclim.fr\/wp-content\/uploads\/2023\/11\/climatisation-Saint-Paul-les-Dax-13-300x200.jpg 300w, https:\/\/sudclim.fr\/wp-content\/uploads\/2023\/11\/climatisation-Saint-Paul-les-Dax-13-1024x683.jpg 1024w, https:\/\/sudclim.fr\/wp-content\/uploads\/2023\/11\/climatisation-Saint-Paul-les-Dax-13-768x512.jpg 768w, https:\/\/sudclim.fr\/wp-content\/uploads\/2023\/11\/climatisation-Saint-Paul-les-Dax-13-360x240.jpg 360w\" sizes=\"(max-width: 1200px) 100vw, 1200px\" \/>\t\t\t\t\t\t\t\t\t\t\t\t\t\t\t<\/div>\n\t\t\t\t<\/div>\n\t\t\t\t<div class=\"elementor-element elementor-element-33689e7f elementor-view-default elementor-position-top elementor-mobile-position-top elementor-widget elementor-widget-icon-box\" data-id=\"33689e7f\" data-element_type=\"widget\" data-widget_type=\"icon-box.default\">\n\t\t\t\t<div class=\"elementor-widget-container\">\n\t\t\t\t\t\t\t<div class=\"elementor-icon-box-wrapper\">\n\n\t\t\t\t\t\t<div class=\"elementor-icon-box-icon\">\n\t\t\t\t<span  class=\"elementor-icon\">\n\t\t\t\t<i aria-hidden=\"true\" class=\"fas fa-water\"><\/i>\t\t\t\t<\/span>\n\t\t\t<\/div>\n\t\t\t\n\t\t\t\t\t\t<div class=\"elementor-icon-box-content\">\n\n\t\t\t\t\t\t\t\t\t<h3 class=\"elementor-icon-box-title\">\n\t\t\t\t\t\t<span  >\n\t\t\t\t\t\t\tUne solution d\u2019eau chaude fiable\t\t\t\t\t\t<\/span>\n\t\t\t\t\t<\/h3>\n\t\t\t\t\n\t\t\t\t\t\t\t\t\t<p class=\"elementor-icon-box-description\">\n\t\t\t\t\t\tNous nous engageons \u00e0 vous offrir un service de qualit\u00e9 sup\u00e9rieure, alliant expertise technique, professionnalisme et un d\u00e9vouement total pour r\u00e9pondre \u00e0 vos besoins en eau chaude sanitaire. Avec nos solutions de chauffe-eaux thermodynamiques, vous b\u00e9n\u00e9ficiez d'une source d'eau chaude efficace et respectueuse de l'environnement, contribuant ainsi \u00e0 votre confort et \u00e0 la pr\u00e9servation de notre plan\u00e8te.<br><br>Faites confiance \u00e0 notre savoir-faire pour une solution d'eau chaude fiable et \u00e9conomique.\t\t\t\t\t<\/p>\n\t\t\t\t\n\t\t\t<\/div>\n\t\t\t\n\t\t<\/div>\n\t\t\t\t\t\t<\/div>\n\t\t\t\t<\/div>\n\t\t\t\t<div class=\"elementor-element elementor-element-660938ff wpr-button-icon-style-inline wpr-button-icon-position-right elementor-widget elementor-widget-wpr-button\" data-id=\"660938ff\" data-element_type=\"widget\" data-widget_type=\"wpr-button.default\">\n\t\t\t\t<div class=\"elementor-widget-container\">\n\t\t\t\t\t\t\n\t\t\t\n\t\t\n\t\t<div class=\"wpr-button-wrap elementor-clearfix\">\n\t\t<a class=\"wpr-button wpr-button-effect wpr-button-none\" data-text=\"\" href=\"\/accueil#contact\">\n\t\t\t\n\t\t\t<span class=\"wpr-button-content\">\n\t\t\t\t\t\t\t\t\t<span class=\"wpr-button-text\">Contactez-nous<\/span>\n\t\t\t\t\t\t\t\t\n\t\t\t\t\t\t\t<\/span>\n\t\t<\/a>\n\n\t\t\t\t<\/div>\n\t\n\t\n\t\t\t\t\t<\/div>\n\t\t\t\t<\/div>\n\t\t\t\t\t<\/div>\n\t\t<\/div>\n\t\t\t\t\t<\/div>\n\t\t<\/section>\n\t\t\t\t\t<\/div>\n\t\t<\/div>\n\t\t\t\t\t<\/div>\n\t\t<\/section>\n\t\t\t\t<\/div>\n\t\t","protected":false},"excerpt":{"rendered":"<p>Une installation professionnelle de votre chauffe-eau thermodynamique \u00e0 Dax Nous sommes d\u00e9di\u00e9s \u00e0 vous offrir des solutions innovantes et durables pour r\u00e9pondre \u00e0 vos besoins en eau chaude sanitaire. En tant qu&rsquo;experts dans le domaine de la pose, de l&rsquo;installation et de la maintenance de chauffe-eaux thermodynamiques, nous vous accompagnons<\/p>\n","protected":false},"author":33,"featured_media":0,"parent":0,"menu_order":0,"comment_status":"closed","ping_status":"closed","template":"elementor_header_footer","meta":{"_acf_changed":false,"footnotes":""},"class_list":["post-1913","page","type-page","status-publish","hentry"],"acf":[],"aioseo_notices":[],"_links":{"self":[{"href":"https:\/\/sudclim.fr\/nov-apijson\/wp\/v2\/pages\/1913","targetHints":{"allow":["GET"]}}],"collection":[{"href":"https:\/\/sudclim.fr\/nov-apijson\/wp\/v2\/pages"}],"about":[{"href":"https:\/\/sudclim.fr\/nov-apijson\/wp\/v2\/types\/page"}],"author":[{"embeddable":true,"href":"https:\/\/sudclim.fr\/nov-apijson\/wp\/v2\/users\/33"}],"replies":[{"embeddable":true,"href":"https:\/\/sudclim.fr\/nov-apijson\/wp\/v2\/comments?post=1913"}],"version-history":[{"count":58,"href":"https:\/\/sudclim.fr\/nov-apijson\/wp\/v2\/pages\/1913\/revisions"}],"predecessor-version":[{"id":3037,"href":"https:\/\/sudclim.fr\/nov-apijson\/wp\/v2\/pages\/1913\/revisions\/3037"}],"wp:attachment":[{"href":"https:\/\/sudclim.fr\/nov-apijson\/wp\/v2\/media?parent=1913"}],"curies":[{"name":"wp","href":"https:\/\/api.w.org\/{rel}","templated":true}]}}